{"id":32555,"date":"2018-11-12T03:41:51","date_gmt":"2018-11-12T08:41:51","guid":{"rendered":"https:\/\/fmrsierrayabarca.com\/?page_id=32555"},"modified":"2020-03-04T17:16:19","modified_gmt":"2020-03-04T22:16:19","slug":"servicios","status":"publish","type":"page","link":"https:\/\/fmrsierrayabarca.com\/en\/servicios\/","title":{"rendered":"Servicios &#8211; no deseado"},"content":{"rendered":"<p>[vc_row full_width=\u00bbstretch_row\u00bb full_height=\u00bbyes\u00bb css=\u00bb.vc_custom_1583349165516{margin-bottom: -120px !important;padding-bottom: -30px !important;background-image: url(https:\/\/fmrsierrayabarca.com\/wp-content\/uploads\/2020\/02\/fondo_justicia_1.jpg?id=32973) !important;background-position: center !important;background-repeat: no-repeat !important;background-size: cover !important;}\u00bb][vc_column css=\u00bb.vc_custom_1542011223813{padding-top: -20px !important;}\u00bb][vc_row_inner css=\u00bb.vc_custom_1581431751564{margin-top: -60px !important;}\u00bb][vc_column_inner][vc_empty_space height=\u00bb140px\u00bb]<div class=\"gem-icon-with-title  gem-icon-with-title-icon-size-small\"><div class=\"gem-icon-with-title-icon\"><div class=\"gem-icon gem-icon-pack-fontawesome gem-icon-size-small  gem-icon-shape-square gem-simple-icon\" style=\"opacity: 1;\"><div class=\"gem-icon-inner\" style=\"\"><span class=\"gem-icon-half-1\" style=\"color: #c6c6c6;\"><span class=\"back-angle\">&#xf0c0;<\/span><\/span><span class=\"gem-icon-half-2\" style=\"color: #c6c6c6;\"><span class=\"back-angle\">&#xf0c0;<\/span><\/span><\/div><\/div><\/div><div class=\"gem-iconed-title\"><h3 style=\"color: #f6d13d;\">Nuestros Servicios<\/h3><\/div><\/div>[\/vc_column_inner][\/vc_row_inner][vc_tta_tabs style=\u00bboutline\u00bb shape=\u00bbround\u00bb color=\u00bborange\u00bb active_section=\u00bb1&#8243; no_fill_content_area=\u00bbtrue\u00bb css=\u00bb.vc_custom_1583349680688{margin-top: -20px !important;margin-bottom: -60px !important;border-bottom-width: -30px !important;padding-bottom: -30px !important;}\u00bb][vc_tta_section title=\u00bbFMR\u00bb tab_id=\u00bb1580849432211-a8432cab-3223&#8243;][vc_row_inner css=\u00bb.vc_custom_1581432368075{margin-top: -30px !important;margin-bottom: -30px !important;border-bottom-width: -100px !important;background-color: rgba(0,0,0,0.5) !important;*background-color: rgb(0,0,0) !important;}\u00bb][vc_column_inner width=\u00bb1\/4&#8243;][vc_single_image image=\u00bb33062&#8243; img_size=\u00bbfull\u00bb alignment=\u00bbcenter\u00bb style=\u00bbvc_box_rounded\u00bb][\/vc_column_inner][vc_column_inner width=\u00bb3\/4&#8243;][vc_column_text]<\/p>\n<div class=\"styled-subtitle small-body\" style=\"max-width: 970px; margin: 0px auto; text-align: center;\"><span class=\"light\" style=\"color: #e8e8e8;\"><span style=\"color: #f6d13d;\">FMR Sierra y Abarca Abogados<\/span>, presta servicio de <strong>defensa legal y asesoramiento jur\u00eddico\u00a0integral y personalizado<\/strong>, labor desarrollada por un s\u00f3lido equipo de profesionales de\u00a0excelente formaci\u00f3n acad\u00e9mica y elevada capacitaci\u00f3n profesional, lo que nos ha permitido\u00a0ubicarnos en un sitial importante avalado por nuestros patrocinados y\/o clientes, colm\u00e1ndonos de satisfacci\u00f3n y compromiso<\/span><\/div>\n<p>[\/vc_column_text][\/vc_column_inner][\/vc_row_inner][\/vc_tta_section][vc_tta_section title=\u00bbPenal\u00bb tab_id=\u00bb1580920787763-95f78da6-962b\u00bb][vc_row_inner css=\u00bb.vc_custom_1580847225968{margin-top: -30px !important;background-color: rgba(0,0,0,0.5) !important;*background-color: rgb(0,0,0) !important;}\u00bb][vc_column_inner width=\u00bb1\/4&#8243;][vc_single_image image=\u00bb32914&#8243; img_size=\u00bbfull\u00bb alignment=\u00bbcenter\u00bb style=\u00bbvc_box_rounded\u00bb][\/vc_column_inner][vc_column_inner width=\u00bb3\/4&#8243;][vc_column_text]<span style=\"color: #e8e8e8;\">Ofrecemos a nuestros clientes el servicio integral de defensa penal y procesal penal ante la Contralor\u00eda General de la Rep\u00fablica, la Polic\u00eda, el Ministerio P\u00fablico, el Poder Judicial, en sus diversas instancias. Nuestros servicios se extienden tambi\u00e9n al \u00e1mbito penal-constitucional, interviniendo en procesos de habeas corpus y amparo desde su inicio hasta el Tribunal Constitucional y el Sistema Interamericano de Derechos Humanos.<\/span>[\/vc_column_text][\/vc_column_inner][\/vc_row_inner][\/vc_tta_section][vc_tta_section title=\u00bbCompliance\u00bb tab_id=\u00bb1580844022936-2504b0bb-b45d\u00bb][vc_row_inner css=\u00bb.vc_custom_1580847247293{margin-top: -30px !important;background-color: rgba(0,0,0,0.5) !important;*background-color: rgb(0,0,0) !important;}\u00bb][vc_column_inner width=\u00bb1\/4&#8243;][vc_single_image image=\u00bb32918&#8243; img_size=\u00bbfull\u00bb alignment=\u00bbcenter\u00bb style=\u00bbvc_box_rounded\u00bb][\/vc_column_inner][vc_column_inner width=\u00bb3\/4&#8243;][vc_column_text]<span style=\"color: #e8e8e8;\">Ofrecemos a nuestros clientes el servicio de identificaci\u00f3n, evaluaci\u00f3n, auditor\u00eda y capacitaci\u00f3n en la prevenci\u00f3n de los riesgos y contingencias penales de la empresa, para minimizar o evitar riesgos penales.<\/span>[\/vc_column_text][\/vc_column_inner][\/vc_row_inner][\/vc_tta_section][vc_tta_section title=\u00bbConstitucional\u00bb tab_id=\u00bb1580847902827-0f4ad847-b5d4&#8243;][vc_row_inner css=\u00bb.vc_custom_1580847247293{margin-top: -30px !important;background-color: rgba(0,0,0,0.5) !important;*background-color: rgb(0,0,0) !important;}\u00bb][vc_column_inner width=\u00bb1\/4&#8243;][vc_single_image image=\u00bb33064&#8243; img_size=\u00bbfull\u00bb alignment=\u00bbcenter\u00bb style=\u00bbvc_box_rounded\u00bb][\/vc_column_inner][vc_column_inner width=\u00bb3\/4&#8243;][vc_column_text]<span style=\"color: #e8e8e8;\">Nuestros servicios se extienden tambi\u00e9n al \u00e1mbito del Derecho Constitucional y Procesal Constitucional, interviniendo en todos los procesos constitucionales desde su inicio hasta el Tribunal Constitucional y el Sistema Interamericano de Derechos Humanos.<\/span>[\/vc_column_text][\/vc_column_inner][\/vc_row_inner][\/vc_tta_section][vc_tta_section title=\u00bbCivil\u00bb tab_id=\u00bb1580847924911-5edae3eb-46eb\u00bb][vc_row_inner css=\u00bb.vc_custom_1580847247293{margin-top: -30px !important;background-color: rgba(0,0,0,0.5) !important;*background-color: rgb(0,0,0) !important;}\u00bb][vc_column_inner width=\u00bb1\/4&#8243;][vc_single_image image=\u00bb33065&#8243; img_size=\u00bbfull\u00bb alignment=\u00bbcenter\u00bb style=\u00bbvc_box_rounded\u00bb][\/vc_column_inner][vc_column_inner width=\u00bb3\/4&#8243;][vc_column_text]<span style=\"color: #e8e8e8;\">Brindamos servicio integral respecto a la persona y sus derechos civiles, el patrimonio, familia, la trasmisi\u00f3n por causa de muerte de bienes y derechos: o sea, el derecho de sucesiones, extinci\u00f3n de obligaciones, prescripci\u00f3n de deudas, indemnizaci\u00f3n por da\u00f1os contractuales o extra contractuales, etc.<\/span>[\/vc_column_text][\/vc_column_inner][\/vc_row_inner][\/vc_tta_section][vc_tta_section title=\u00bbCivil Inmobiliario\u00bb tab_id=\u00bb1580847929337-f52bd33f-08c5&#8243;][vc_row_inner css=\u00bb.vc_custom_1580847247293{margin-top: -30px !important;background-color: rgba(0,0,0,0.5) !important;*background-color: rgb(0,0,0) !important;}\u00bb][vc_column_inner width=\u00bb1\/4&#8243;][vc_single_image image=\u00bb32918&#8243; img_size=\u00bbfull\u00bb alignment=\u00bbcenter\u00bb style=\u00bbvc_box_rounded\u00bb][\/vc_column_inner][vc_column_inner width=\u00bb3\/4&#8243;][vc_column_text]<span style=\"color: #e8e8e8;\">Procesos vinculados a la defensa de la posesi\u00f3n y propiedad inmueble, tales como desalojos, mejor derecho de propiedad, reivindicaci\u00f3n, interdictos, acciones posesorias, etc.<\/span>[\/vc_column_text][\/vc_column_inner][\/vc_row_inner][\/vc_tta_section][vc_tta_section title=\u00bbAdministrativo\u00bb tab_id=\u00bb1580847933107-6fecb346-25d9&#8243;][vc_row_inner css=\u00bb.vc_custom_1580847247293{margin-top: -30px !important;background-color: rgba(0,0,0,0.5) !important;*background-color: rgb(0,0,0) !important;}\u00bb][vc_column_inner width=\u00bb1\/4&#8243;][vc_single_image image=\u00bb32918&#8243; img_size=\u00bbfull\u00bb alignment=\u00bbcenter\u00bb style=\u00bbvc_box_rounded\u00bb][\/vc_column_inner][vc_column_inner width=\u00bb3\/4&#8243;][vc_column_text]<span style=\"color: #e8e8e8;\">Brindamos asesor\u00eda en los diversos procedimientos administrativos, respecto a todos los aspectos legales vinculados a las relaciones de los administrados (personas jur\u00eddicas o naturales) con las entidades p\u00fablicas (nacional, regional y local). As\u00ed como la obtenci\u00f3n de diversos t\u00edtulos habilitantes necesarios para el ejercicio de las diversas actividades econ\u00f3micas de nuestros patrocinados sean personas naturales o jur\u00eddicas.<br \/>\nAsimismo, todo lo vinculado a la Ley del Servicio Civil, defensa en los Procesos Administrativos Disciplinarios.<\/span>[\/vc_column_text][\/vc_column_inner][\/vc_row_inner][\/vc_tta_section][vc_tta_section title=\u00bbLaboral y Seguridad Social\u00bb tab_id=\u00bb1580847899703-a32ba05a-6f51&#8243;][vc_row_inner css=\u00bb.vc_custom_1580847247293{margin-top: -30px !important;background-color: rgba(0,0,0,0.5) !important;*background-color: rgb(0,0,0) !important;}\u00bb][vc_column_inner width=\u00bb1\/4&#8243;][vc_single_image image=\u00bb32918&#8243; img_size=\u00bbfull\u00bb alignment=\u00bbcenter\u00bb style=\u00bbvc_box_rounded\u00bb][\/vc_column_inner][vc_column_inner width=\u00bb3\/4&#8243;][vc_column_text]<span style=\"color: #e8e8e8;\">Brindamos asesor\u00eda y defensa legal en derecho laboral en general (convenios colectivos, derecho a huelga) (contrato de trabajo, salarios, vacaciones), incluye adem\u00e1s aspectos de derecho constitucional, seguridad y salud ocupacional, intermediaci\u00f3n laboral y outsourcing, procedimientos judiciales, procedimientos de inspecci\u00f3n y de reclamaci\u00f3n ante el Seguro Social de Salud, indemnizaci\u00f3n por accidentes de trabajo y\/o enfermedad profesional, impugnaci\u00f3n de sanciones administrativas laborales del sector p\u00fablico, reconocimiento de derechos laborales de servidores p\u00fablicos, asesor\u00eda en procedimientos de inspecciones laborales, etc.<\/span>[\/vc_column_text][\/vc_column_inner][\/vc_row_inner][\/vc_tta_section][vc_tta_section title=\u00bbTributario\u00bb tab_id=\u00bb1583348022361-24616bb4-e6f6&#8243;][vc_row_inner css=\u00bb.vc_custom_1580847247293{margin-top: -30px !important;background-color: rgba(0,0,0,0.5) !important;*background-color: rgb(0,0,0) !important;}\u00bb][vc_column_inner width=\u00bb1\/4&#8243;][vc_single_image image=\u00bb32918&#8243; img_size=\u00bbfull\u00bb alignment=\u00bbcenter\u00bb style=\u00bbvc_box_rounded\u00bb][\/vc_column_inner][vc_column_inner width=\u00bb3\/4&#8243;][vc_column_text]<span style=\"color: #e8e8e8;\">Patrocinamos a nuestros clientes en los procedimientos de fiscalizaci\u00f3n tributaria y de impugnaci\u00f3n, tanto a nivel administrativo como judicial. Tenemos gran experiencia en la realizaci\u00f3n de auditorias preventivas orientadas a identificar contingencias tributarias y en la ejecuci\u00f3n de procesos de due diligence, ya que contamos en nuestro equipo, con profesionales reconocidos en la rama de contabilidad.<\/span>[\/vc_column_text][\/vc_column_inner][\/vc_row_inner][\/vc_tta_section][vc_tta_section title=\u00bbMedio Ambiente\u00bb tab_id=\u00bb1583348020791-4ef53313-e581&#8243;][vc_row_inner css=\u00bb.vc_custom_1580847247293{margin-top: -30px !important;background-color: rgba(0,0,0,0.5) !important;*background-color: rgb(0,0,0) !important;}\u00bb][vc_column_inner width=\u00bb1\/4&#8243;][vc_single_image image=\u00bb32918&#8243; img_size=\u00bbfull\u00bb alignment=\u00bbcenter\u00bb style=\u00bbvc_box_rounded\u00bb][\/vc_column_inner][vc_column_inner width=\u00bb3\/4&#8243;][vc_column_text]<span style=\"color: #e8e8e8;\">Asesoramos y brindamos servicios en temas medio ambientales (permisos y licencias), a empresas de diversos sectores econ\u00f3micos, tales como energ\u00eda, miner\u00eda, hidrocarburos, industria, pesca, entre otros. Apoyamos a nuestros clientes en la implementaci\u00f3n de sistemas integrados de gesti\u00f3n (SIG). Patrocinamos a las empresas en procedimientos sancionadores iniciados por las autoridades y participamos en la realizaci\u00f3n de due diligence\u00a0<\/span><span style=\"color: #e8e8e8;\">.<\/span>[\/vc_column_text][\/vc_column_inner][\/vc_row_inner][\/vc_tta_section][vc_tta_section title=\u00bbMiner\u00eda y Desarrollo Sostenible\u00bb tab_id=\u00bb1583348020116-383714a8-c346&#8243;][vc_row_inner css=\u00bb.vc_custom_1580847247293{margin-top: -30px !important;background-color: rgba(0,0,0,0.5) !important;*background-color: rgb(0,0,0) !important;}\u00bb][vc_column_inner width=\u00bb1\/4&#8243;][vc_single_image image=\u00bb32918&#8243; img_size=\u00bbfull\u00bb alignment=\u00bbcenter\u00bb style=\u00bbvc_box_rounded\u00bb][\/vc_column_inner][vc_column_inner width=\u00bb3\/4&#8243;][vc_column_text]<span style=\"color: #e8e8e8;\">Asesoramos en la negociaci\u00f3n, estructuraci\u00f3n y ejecuci\u00f3n de contratos mineros, de inversi\u00f3n y estabilidad tributaria; procesos de titulaci\u00f3n, oposici\u00f3n e inscripci\u00f3n de derechos mineros; todos los aspectos regulatorios minero-ambientales y de seguridad y salud ocupacional; participamos en la negociaci\u00f3n y adquisici\u00f3n de derechos superficiales, relaciones comunitarias, procedimientos de auditor\u00eda, supervisi\u00f3n y fiscalizaci\u00f3n administrativas, as\u00ed como asesoramiento preventivo en materia minera<\/span><span style=\"color: #e8e8e8;\">.<\/span>[\/vc_column_text][\/vc_column_inner][\/vc_row_inner][\/vc_tta_section][vc_tta_section title=\u00bbPropiedad Intelectual\u00bb tab_id=\u00bb1583348019417-f36f8a37-d717&#8243;][vc_row_inner css=\u00bb.vc_custom_1580847247293{margin-top: -30px !important;background-color: rgba(0,0,0,0.5) !important;*background-color: rgb(0,0,0) !important;}\u00bb][vc_column_inner width=\u00bb1\/4&#8243;][vc_single_image image=\u00bb32918&#8243; img_size=\u00bbfull\u00bb alignment=\u00bbcenter\u00bb style=\u00bbvc_box_rounded\u00bb][\/vc_column_inner][vc_column_inner width=\u00bb3\/4&#8243;][vc_column_text]<span style=\"color: #e8e8e8;\">Brindamos asesor\u00eda en la consultor\u00eda preventiva, planeamiento estrat\u00e9gico de protecci\u00f3n de la propiedad intelectual, ejecuci\u00f3n de auditor\u00edas, asesoramiento en litigios y todo tipo de procesos registrales, de control y vigilancia de patentes de invenci\u00f3n, dise\u00f1os industriales, modelos de utilidad, signos distintivos (marcas, lemas y nombres comerciales) y derechos de autor a nivel nacional e internacional. Asimismo, asesoramos en temas de regulaci\u00f3n sanitaria a empresas de la industria farmac\u00e9utica, cosm\u00e9tica alimentos y de bebidas. Asesor\u00eda y defensa en materia de protecci\u00f3n al consumidor, eliminaci\u00f3n de barreras burocr\u00e1ticas, etc.<\/span>[\/vc_column_text][\/vc_column_inner][\/vc_row_inner][\/vc_tta_section][vc_tta_section title=\u00bbCorporativo\u00bb tab_id=\u00bb1583348018751-c14f6498-0c2e\u00bb][vc_row_inner css=\u00bb.vc_custom_1580847247293{margin-top: -30px !important;background-color: rgba(0,0,0,0.5) !important;*background-color: rgb(0,0,0) !important;}\u00bb][vc_column_inner width=\u00bb1\/4&#8243;][vc_single_image image=\u00bb32918&#8243; img_size=\u00bbfull\u00bb alignment=\u00bbcenter\u00bb style=\u00bbvc_box_rounded\u00bb][\/vc_column_inner][vc_column_inner width=\u00bb3\/4&#8243;][vc_column_text]<span style=\"color: #e8e8e8;\">Brindamos asesor\u00eda en pr\u00e1ctica corporativa en general, tal como consultor\u00eda en materia societaria (constituci\u00f3n de empresas, acuerdos de accionistas, buen gobierno corporativo, relaciones entre accionistas, responsabilidad de directores en las distintas clases de sociedades) y civil (revisi\u00f3n de contratos, protocolos familiares, derecho de propiedad), el an\u00e1lisis de la tributaci\u00f3n o la contrataci\u00f3n mercantil<\/span><span style=\"color: #e8e8e8;\">.<\/span>[\/vc_column_text][\/vc_column_inner][\/vc_row_inner][\/vc_tta_section][vc_tta_section title=\u00bbFusiones y Adquisiciones\u00bb tab_id=\u00bb1583348018003-a1eec83e-dd76&#8243;][vc_row_inner css=\u00bb.vc_custom_1580847247293{margin-top: -30px !important;background-color: rgba(0,0,0,0.5) !important;*background-color: rgb(0,0,0) !important;}\u00bb][vc_column_inner width=\u00bb1\/4&#8243;][vc_single_image image=\u00bb32918&#8243; img_size=\u00bbfull\u00bb alignment=\u00bbcenter\u00bb style=\u00bbvc_box_rounded\u00bb][\/vc_column_inner][vc_column_inner width=\u00bb3\/4&#8243;][vc_column_text]<span style=\"color: #e8e8e8;\">Brindamos nuestros servicios a cualquier tipo de persona jur\u00eddica (sociedades, asociaciones, cooperativas, empresas EIRL, etc.) y\/o personas naturales con negocio, cuyo objeto es brindarle una asesor\u00eda legal preventiva para identificar las causas del negocio que originan las contingencias y una asesor\u00eda legal corporativa asumiendo la defensa de los conflictos legales que desee solucionar la empresa, en las distintas ramas del derecho tales como comercial, societario, registral, municipal, INDECOPI, administrativo, laboral, civiles, etc. asimismo, el servicio incluye la redacci\u00f3n de contratos civiles y\/o empresariales as\u00ed como de cartas notariales dirigidos a terceros, entre otros.<\/span>[\/vc_column_text][\/vc_column_inner][\/vc_row_inner][\/vc_tta_section][vc_tta_section title=\u00bbAsesor\u00eda Empresarial\u00bb tab_id=\u00bb1583348016667-d1ea4200-6b3f\u00bb][vc_row_inner css=\u00bb.vc_custom_1580847247293{margin-top: -30px !important;background-color: rgba(0,0,0,0.5) !important;*background-color: rgb(0,0,0) !important;}\u00bb][vc_column_inner width=\u00bb1\/4&#8243;][vc_single_image image=\u00bb32918&#8243; img_size=\u00bbfull\u00bb alignment=\u00bbcenter\u00bb style=\u00bbvc_box_rounded\u00bb][\/vc_column_inner][vc_column_inner width=\u00bb3\/4&#8243;][vc_column_text]<span style=\"color: #e8e8e8;\">Brindamos nuestros servicios a cualquier tipo de persona jur\u00eddica (sociedades, asociaciones, cooperativas, empresas EIRL, etc.) y\/o personas naturales con negocio, cuyo objeto es brindarle una asesor\u00eda legal preventiva para identificar las causas del negocio que originan las contingencias y una asesor\u00eda legal corporativa asumiendo la defensa de los conflictos legales que desee solucionar la empresa, en las distintas ramas del derecho tales como comercial, societario, registral, municipal, INDECOPI, administrativo, laboral, civiles, etc. asimismo, el servicio incluye la redacci\u00f3n de contratos civiles y\/o empresariales as\u00ed como de cartas notariales dirigidos a terceros, entre otros.<\/span>[\/vc_column_text][\/vc_column_inner][\/vc_row_inner][\/vc_tta_section][vc_tta_section title=\u00bbSaneamiento Predial y Acceso a Tierras\u00bb tab_id=\u00bb1583348207380-394b7f9c-f85c\u00bb][vc_row_inner css=\u00bb.vc_custom_1580847247293{margin-top: -30px !important;background-color: rgba(0,0,0,0.5) !important;*background-color: rgb(0,0,0) !important;}\u00bb][vc_column_inner width=\u00bb1\/4&#8243;][vc_single_image image=\u00bb33066&#8243; img_size=\u00bbfull\u00bb alignment=\u00bbcenter\u00bb style=\u00bbvc_box_rounded\u00bb][\/vc_column_inner][vc_column_inner width=\u00bb3\/4&#8243;][vc_column_text]<span style=\"color: #e8e8e8;\">Asesoramos en la elaboraci\u00f3n y ejecuci\u00f3n de estrategias orientadas al saneamiento de terrenos r\u00fasticos, eriazos y urbanos para las actividades minera, petrolera, industrial, agr\u00edcola, etc., conducentes a la obtenci\u00f3n de autorizaciones para la instalaci\u00f3n o construcci\u00f3n de infraestructura. Planificamos y elaboramos expedientes para la adquisici\u00f3n o uso de los predios del Estado y para la adquisici\u00f3n de derechos superficiales con propietarios o posesionarios en grandes proyectos de infraestructura. Efectuamos la revisi\u00f3n, an\u00e1lisis y evaluaci\u00f3n de cumplimiento de los contratos o convenios suscritos por empresas extractivas con comunidades campesinas o instituciones p\u00fablicas.<\/span>[\/vc_column_text][\/vc_column_inner][\/vc_row_inner][\/vc_tta_section][\/vc_tta_tabs][\/vc_column][\/vc_row]<\/p>","protected":false},"excerpt":{"rendered":"<p>[vc_row full_width=\u00bbstretch_row\u00bb full_height=\u00bbyes\u00bb css=\u00bb.vc_custom_1583349165516{margin-bottom: -120px !important;padding-bottom: -30px !important;background-image: url(https:\/\/fmrsierrayabarca.com\/wp-content\/uploads\/2020\/02\/fondo_justicia_1.jpg?id=32973) !important;background-position: center !important;background-repeat: no-repeat !important;background-size: cover !important;}\u00bb][vc_column css=\u00bb.vc_custom_1542011223813{padding-top: -20px !important;}\u00bb][vc_row_inner css=\u00bb.vc_custom_1581431751564{margin-top:&#8230;<\/p>","protected":false},"author":1,"featured_media":0,"parent":0,"menu_order":0,"comment_status":"closed","ping_status":"closed","template":"","meta":[],"_links":{"self":[{"href":"https:\/\/fmrsierrayabarca.com\/en\/wp-json\/wp\/v2\/pages\/32555"}],"collection":[{"href":"https:\/\/fmrsierrayabarca.com\/en\/wp-json\/wp\/v2\/pages"}],"about":[{"href":"https:\/\/fmrsierrayabarca.com\/en\/wp-json\/wp\/v2\/types\/page"}],"author":[{"embeddable":true,"href":"https:\/\/fmrsierrayabarca.com\/en\/wp-json\/wp\/v2\/users\/1"}],"replies":[{"embeddable":true,"href":"https:\/\/fmrsierrayabarca.com\/en\/wp-json\/wp\/v2\/comments?post=32555"}],"version-history":[{"count":138,"href":"https:\/\/fmrsierrayabarca.com\/en\/wp-json\/wp\/v2\/pages\/32555\/revisions"}],"predecessor-version":[{"id":33084,"href":"https:\/\/fmrsierrayabarca.com\/en\/wp-json\/wp\/v2\/pages\/32555\/revisions\/33084"}],"wp:attachment":[{"href":"https:\/\/fmrsierrayabarca.com\/en\/wp-json\/wp\/v2\/media?parent=32555"}],"curies":[{"name":"wp","href":"https:\/\/api.w.org\/{rel}","templated":true}]}}