{"id":32891,"date":"2020-03-04T17:04:36","date_gmt":"2020-03-04T22:04:36","guid":{"rendered":"https:\/\/fmrsierrayabarca.com\/?page_id=32891"},"modified":"2020-05-16T19:31:10","modified_gmt":"2020-05-17T00:31:10","slug":"servicios-2","status":"publish","type":"page","link":"https:\/\/fmrsierrayabarca.com\/en\/servicios-2\/","title":{"rendered":"Services"},"content":{"rendered":"<p>[vc_row full_width=\u00bbstretch_row_content_no_spaces\u00bb disable_element=\u00bbyes\u00bb css=\u00bb.vc_custom_1580833222230{margin-bottom: -20px !important;}\u00bb][vc_column][\/vc_column][\/vc_row][vc_row full_width=\u00bbstretch_row\u00bb css=\u00bb.vc_custom_1589644740746{margin-bottom: 0px !important;padding-top: 50px !important;padding-bottom: 30px !important;background-image: url(https:\/\/fmrsierrayabarca.com\/wp-content\/uploads\/2016\/08\/4-4.jpg?id=25964) !important;background-position: center !important;background-repeat: no-repeat !important;background-size: cover !important;}\u00bb][vc_column css=\u00bb.vc_custom_1542011223813{padding-top: -20px !important;}\u00bb][vc_column_text css=\u00bb.vc_custom_1589675459538{padding-top: 20px !important;padding-right: 20px !important;padding-bottom: 20px !important;padding-left: 20px !important;background-color: rgba(0,0,0,0.51) !important;*background-color: rgb(0,0,0) !important;}\u00bb]<\/p>\n<div class=\"styled-subtitle\" style=\"text-align: justify;\"><span class=\"light\" style=\"color: #ffffff;\"><span style=\"color: #f6d13d;\">FMR Sierra & Abarca Abogados<\/span><span style=\"color: #e8e8e8;\">, presta servicio de defensa legal y asesoramiento jur\u00eddico\u00a0integral y personalizado, labor desarrollada por un s\u00f3lido equipo de profesionales de\u00a0excelente formaci\u00f3n acad\u00e9mica y elevada capacitaci\u00f3n profesional, lo que nos ha permitido\u00a0ubicarnos en un sitial importante avalado por nuestros patrocinados y\/o clientes, colm\u00e1ndonos de satisfacci\u00f3n y compromiso.<\/span><\/span><\/div>\n<p>[\/vc_column_text]<div class=\"gem-icon-with-text gem-icon-with-text-icon-size-medium\"><div style=\"margin-bottom:0px;margin-top:0px; \" class=\"gem-icon-with-text-icon\"><div class=\"gem-icon gem-icon-pack-elegant gem-icon-size-medium  gem-icon-shape-square gem-simple-icon\" style=\"opacity: 1;\"><div class=\"gem-icon-inner\" style=\"\"><span class=\"gem-icon-half-1\" style=\"color: #ffffff;\"><span class=\"back-angle\">&#xe033;<\/span><\/span><span class=\"gem-icon-half-2\" style=\"color: #ffffff;\"><span class=\"back-angle\">&#xe033;<\/span><\/span><\/div><\/div><\/div><div class=\"gem-icon-with-text-content\" ><div class=\"gem-icon-with-text-text\">[vc_column_text css=\u00bb.vc_custom_1589674982016{margin-left: 30px !important;}\u00bb]<\/p>\n<div class=\"title-h5\"><span style=\"color: #f6d13d;\">DERECHO PENAL<\/span><\/div>\n<div class=\"quickfinder-item-text\" style=\"text-align: justify;\"><span style=\"color: #e8e8e8;\">Ofrecemos a nuestros clientes el servicio integral de defensa penal y procesal penal ante la Contralor\u00eda General de la Rep\u00fablica, la Polic\u00eda, el Ministerio P\u00fablico, el Poder Judicial, en sus diversas instancias.  Nuestros servicios se extienden tambi\u00e9n al \u00e1mbito penal-constitucional, interviniendo en procesos de habeas corpus y amparo desde su inicio hasta el Tribunal Constitucional y el Sistema Interamericano de Derechos Humanos.<\/span><\/div>\n<p>[\/vc_column_text]<\/div><\/div><div class=\"clearboth\"><\/div><\/div><div class=\"gem-icon-with-text gem-icon-with-text-icon-size-medium\"><div style=\"margin-bottom:0px;margin-top:0px; \" class=\"gem-icon-with-text-icon\"><div class=\"gem-icon gem-icon-pack-elegant gem-icon-size-medium  gem-icon-shape-square gem-simple-icon\" style=\"opacity: 1;\"><div class=\"gem-icon-inner\" style=\"\"><span class=\"gem-icon-half-1\" style=\"color: #f6d13d;\"><span class=\"back-angle\">&#xe033;<\/span><\/span><span class=\"gem-icon-half-2\" style=\"color: #f6d13d;\"><span class=\"back-angle\">&#xe033;<\/span><\/span><\/div><\/div><\/div><div class=\"gem-icon-with-text-content\" ><div class=\"gem-icon-with-text-text\">[vc_column_text css=\u00bb.vc_custom_1589666917336{margin-left: 30px !important;}\u00bb]<\/p>\n<div class=\"title-h5\"><span style=\"color: #f6d13d;\">compliance<\/span><\/div>\n<div class=\"quickfinder-item-text\" style=\"text-align: justify;\"><span style=\"color: #e8e8e8;\">Ofrecemos a nuestros clientes el servicio de identificaci\u00f3n, evaluaci\u00f3n, auditor\u00eda y capacitaci\u00f3n en la prevenci\u00f3n de los riesgos y contingencias penales de la empresa, para minimizar o evitar riesgos.<\/span><\/div>\n<p>[\/vc_column_text]<\/div><\/div><div class=\"clearboth\"><\/div><\/div><div class=\"gem-icon-with-text gem-icon-with-text-icon-size-medium\"><div style=\"margin-bottom:0px;margin-top:0px; \" class=\"gem-icon-with-text-icon\"><div class=\"gem-icon gem-icon-pack-elegant gem-icon-size-medium  gem-icon-shape-square gem-simple-icon\" style=\"opacity: 1;\"><div class=\"gem-icon-inner\" style=\"\"><span class=\"gem-icon-half-1\" style=\"color: #ffffff;\"><span class=\"back-angle\">&#xe033;<\/span><\/span><span class=\"gem-icon-half-2\" style=\"color: #ffffff;\"><span class=\"back-angle\">&#xe033;<\/span><\/span><\/div><\/div><\/div><div class=\"gem-icon-with-text-content\" ><div class=\"gem-icon-with-text-text\">[vc_column_text css=\u00bb.vc_custom_1589675060030{margin-left: 30px !important;}\u00bb]<\/p>\n<div class=\"title-h5\"><span style=\"color: #f6d13d;\">DERECHO CONSTITUCIONAL<\/span><\/div>\n<div class=\"quickfinder-item-text\" style=\"text-align: justify;\"><span style=\"color: #e8e8e8;\">Nuestros servicios se extienden tambi\u00e9n al \u00e1mbito del Derecho Constitucional y Procesal Constitucional, interviniendo en todos los procesos constitucionales desde su inicio hasta el Tribunal Constitucional y el Sistema Interamericano de Derechos Humanos.<\/span><\/div>\n<p>[\/vc_column_text]<\/div><\/div><div class=\"clearboth\"><\/div><\/div><div class=\"gem-icon-with-text gem-icon-with-text-icon-size-medium\"><div style=\"margin-bottom:0px;margin-top:0px; \" class=\"gem-icon-with-text-icon\"><div class=\"gem-icon gem-icon-pack-elegant gem-icon-size-medium  gem-icon-shape-square gem-simple-icon\" style=\"opacity: 1;\"><div class=\"gem-icon-inner\" style=\"\"><span class=\"gem-icon-half-1\" style=\"color: #f6d13d;\"><span class=\"back-angle\">&#xe033;<\/span><\/span><span class=\"gem-icon-half-2\" style=\"color: #f6d13d;\"><span class=\"back-angle\">&#xe033;<\/span><\/span><\/div><\/div><\/div><div class=\"gem-icon-with-text-content\" ><div class=\"gem-icon-with-text-text\">[vc_column_text css=\u00bb.vc_custom_1589675092430{margin-left: 30px !important;}\u00bb]<\/p>\n<div class=\"title-h5\"><span style=\"color: #f6d13d;\">DERECHO CIVIL<\/span><\/div>\n<div class=\"quickfinder-item-text\" style=\"text-align: justify;\"><span style=\"color: #e8e8e8;\">Brindamos servicio integral respecto a la persona y sus derechos civiles, el patrimonio, familia, la trasmisi\u00f3n por causa de muerte de bienes y derechos: o sea, el derecho de sucesiones, extinci\u00f3n de obligaciones, prescripci\u00f3n de deudas, indemnizaci\u00f3n por da\u00f1os contractuales o extra contractuales, etc.<\/span><\/div>\n<p>[\/vc_column_text]<\/div><\/div><div class=\"clearboth\"><\/div><\/div><div class=\"gem-icon-with-text gem-icon-with-text-icon-size-medium\"><div style=\"margin-bottom:0px;margin-top:0px; \" class=\"gem-icon-with-text-icon\"><div class=\"gem-icon gem-icon-pack-elegant gem-icon-size-medium  gem-icon-shape-square gem-simple-icon\" style=\"opacity: 1;\"><div class=\"gem-icon-inner\" style=\"\"><span class=\"gem-icon-half-1\" style=\"color: #ffffff;\"><span class=\"back-angle\">&#xe033;<\/span><\/span><span class=\"gem-icon-half-2\" style=\"color: #ffffff;\"><span class=\"back-angle\">&#xe033;<\/span><\/span><\/div><\/div><\/div><div class=\"gem-icon-with-text-content\" ><div class=\"gem-icon-with-text-text\">[vc_column_text css=\u00bb.vc_custom_1589666196087{margin-left: 30px !important;}\u00bb]<\/p>\n<div class=\"title-h5\"><span style=\"color: #f6d13d;\">DERECHO CIVIL INMOBILIARIO<\/span><\/div>\n<div class=\"quickfinder-item-text\"><span style=\"color: #e8e8e8;\">Procesos vinculados a la defensa de la posesi\u00f3n y propiedad inmueble, tales como desalojos, mejor derecho de propiedad, reivindicaci\u00f3n, interdictos, acciones posesorias, etc.<\/span><\/div>\n<p>[\/vc_column_text]<\/div><\/div><div class=\"clearboth\"><\/div><\/div><div class=\"gem-icon-with-text gem-icon-with-text-icon-size-medium\"><div style=\"margin-bottom:0px;margin-top:0px; \" class=\"gem-icon-with-text-icon\"><div class=\"gem-icon gem-icon-pack-elegant gem-icon-size-medium  gem-icon-shape-square gem-simple-icon\" style=\"opacity: 1;\"><div class=\"gem-icon-inner\" style=\"\"><span class=\"gem-icon-half-1\" style=\"color: #efcb3b;\"><span class=\"back-angle\">&#xe033;<\/span><\/span><span class=\"gem-icon-half-2\" style=\"color: #efcb3b;\"><span class=\"back-angle\">&#xe033;<\/span><\/span><\/div><\/div><\/div><div class=\"gem-icon-with-text-content\" ><div class=\"gem-icon-with-text-text\">[vc_column_text css=\u00bb.vc_custom_1589675187821{margin-left: 30px !important;}\u00bb]<\/p>\n<div class=\"title-h5\"><span style=\"color: #f6d13d;\">Derecho Administrativo, Ley del Serivicio Civil y PAD<\/span><\/div>\n<div class=\"quickfinder-item-text\" style=\"text-align: justify;\"><span style=\"color: #e8e8e8;\">Brindamos asesor\u00eda en los diversos procedimientos administrativos, respecto a todos los aspectos legales vinculados a las relaciones de los administrados (personas jur\u00eddicas o naturales) con las entidades p\u00fablicas (nacional, regional y local). As\u00ed como la obtenci\u00f3n de diversos t\u00edtulos habilitantes necesarios para el ejercicio de las diversas actividades econ\u00f3micas de nuestros patrocinados sean personas naturales o jur\u00eddicas.<br \/>\nAsimismo, todo lo vinculado a la Ley del Servicio Civil, defensa en los Procesos Administrativos Disciplinarios.<br \/>\n<\/span><\/div>\n<p>[\/vc_column_text]<\/div><\/div><div class=\"clearboth\"><\/div><\/div><div class=\"gem-icon-with-text gem-icon-with-text-icon-size-medium\"><div style=\"margin-bottom:0px;margin-top:0px; \" class=\"gem-icon-with-text-icon\"><div class=\"gem-icon gem-icon-pack-elegant gem-icon-size-medium  gem-icon-shape-square gem-simple-icon\" style=\"opacity: 1;\"><div class=\"gem-icon-inner\" style=\"\"><span class=\"gem-icon-half-1\" style=\"color: #ffffff;\"><span class=\"back-angle\">&#xe033;<\/span><\/span><span class=\"gem-icon-half-2\" style=\"color: #ffffff;\"><span class=\"back-angle\">&#xe033;<\/span><\/span><\/div><\/div><\/div><div class=\"gem-icon-with-text-content\" ><div class=\"gem-icon-with-text-text\">[vc_column_text css=\u00bb.vc_custom_1589666991385{margin-left: 30px !important;}\u00bb]<\/p>\n<div class=\"title-h5\"><span style=\"color: #f6d13d;\">Derecho Laboral y Seguridad Social<\/span><\/div>\n<div class=\"quickfinder-item-text\" style=\"text-align: justify;\"><span style=\"color: #e8e8e8;\">Brindamos asesor\u00eda y defensa legal en derecho laboral en general (convenios colectivos, derecho a huelga) (contrato de trabajo, salarios, vacaciones), incluye adem\u00e1s aspectos de derecho constitucional, seguridad y salud ocupacional, intermediaci\u00f3n laboral y outsourcing, procedimientos judiciales, procedimientos de inspecci\u00f3n y de reclamaci\u00f3n ante el Seguro Social de Salud, indemnizaci\u00f3n por accidentes de trabajo y\/o enfermedad profesional, impugnaci\u00f3n de sanciones administrativas laborales del sector p\u00fablico, reconocimiento de derechos laborales de servidores p\u00fablicos, asesor\u00eda en procedimientos de inspecciones laborales, etc.<\/span><\/div>\n<p>[\/vc_column_text]<\/div><\/div><div class=\"clearboth\"><\/div><\/div><div class=\"gem-icon-with-text gem-icon-with-text-icon-size-medium\"><div style=\"margin-bottom:0px;margin-top:0px; \" class=\"gem-icon-with-text-icon\"><div class=\"gem-icon gem-icon-pack-elegant gem-icon-size-medium  gem-icon-shape-square gem-simple-icon\" style=\"opacity: 1;\"><div class=\"gem-icon-inner\" style=\"\"><span class=\"gem-icon-half-1\" style=\"color: #efcb3b;\"><span class=\"back-angle\">&#xe033;<\/span><\/span><span class=\"gem-icon-half-2\" style=\"color: #efcb3b;\"><span class=\"back-angle\">&#xe033;<\/span><\/span><\/div><\/div><\/div><div class=\"gem-icon-with-text-content\" ><div class=\"gem-icon-with-text-text\">[vc_column_text css=\u00bb.vc_custom_1589675264406{margin-left: 30px !important;}\u00bb]<\/p>\n<div class=\"title-h5\"><span style=\"color: #f6d13d;\">Derecho Tributario<\/span><\/div>\n<div class=\"quickfinder-item-text\" style=\"text-align: justify;\"><span style=\"color: #e8e8e8;\">Patrocinamos a nuestros clientes en los procedimientos de fiscalizaci\u00f3n tributaria y de impugnaci\u00f3n, tanto a nivel administrativo como judicial. Tenemos gran experiencia en la realizaci\u00f3n de auditor\u00edas preventivas orientadas a identificar contingencias tributarias y en la ejecuci\u00f3n de procesos de due diligence, ya que contamos en nuestro equipo con profesionales reconocidos en la rama de contabilidad.<\/span><\/div>\n<p>[\/vc_column_text]<\/div><\/div><div class=\"clearboth\"><\/div><\/div><div class=\"gem-icon-with-text gem-icon-with-text-icon-size-medium\"><div style=\"margin-bottom:0px;margin-top:0px; \" class=\"gem-icon-with-text-icon\"><div class=\"gem-icon gem-icon-pack-elegant gem-icon-size-medium  gem-icon-shape-square gem-simple-icon\" style=\"opacity: 1;\"><div class=\"gem-icon-inner\" style=\"\"><span class=\"gem-icon-half-1\" style=\"color: #ffffff;\"><span class=\"back-angle\">&#xe033;<\/span><\/span><span class=\"gem-icon-half-2\" style=\"color: #ffffff;\"><span class=\"back-angle\">&#xe033;<\/span><\/span><\/div><\/div><\/div><div class=\"gem-icon-with-text-content\" ><div class=\"gem-icon-with-text-text\">[vc_column_text css=\u00bb.vc_custom_1589667034080{margin-left: 30px !important;}\u00bb]<\/p>\n<div class=\"title-h5\"><span style=\"color: #f6d13d;\">Medio Ambiente<\/span><\/div>\n<div class=\"quickfinder-item-text\" style=\"text-align: justify;\"><span style=\"color: #e8e8e8;\">Asesoramos y brindamos servicios en temas medio ambientales (permisos y licencias), a empresas de diversos sectores econ\u00f3micos, tales como energ\u00eda, miner\u00eda, hidrocarburos, industria, pesca, entre otros. Apoyamos a nuestros clientes en la implementaci\u00f3n de sistemas integrados de gesti\u00f3n (SIG). Patrocinamos a las empresas en procedimientos sancionadores iniciados por las autoridades y participamos en la realizaci\u00f3n de due diligence.<\/span><\/div>\n<p>[\/vc_column_text]<\/div><\/div><div class=\"clearboth\"><\/div><\/div><div class=\"gem-icon-with-text gem-icon-with-text-icon-size-medium\"><div style=\"margin-bottom:0px;margin-top:0px; \" class=\"gem-icon-with-text-icon\"><div class=\"gem-icon gem-icon-pack-elegant gem-icon-size-medium  gem-icon-shape-square gem-simple-icon\" style=\"opacity: 1;\"><div class=\"gem-icon-inner\" style=\"\"><span class=\"gem-icon-half-1\" style=\"color: #efcb3b;\"><span class=\"back-angle\">&#xe033;<\/span><\/span><span class=\"gem-icon-half-2\" style=\"color: #efcb3b;\"><span class=\"back-angle\">&#xe033;<\/span><\/span><\/div><\/div><\/div><div class=\"gem-icon-with-text-content\" ><div class=\"gem-icon-with-text-text\">[vc_column_text css=\u00bb.vc_custom_1589667048392{margin-left: 30px !important;}\u00bb]<\/p>\n<div class=\"title-h5\"><span style=\"color: #f6d13d;\">Miner\u00eda y Desarrollo Sostenible<\/span><\/div>\n<div class=\"quickfinder-item-text\" style=\"text-align: justify;\"><span style=\"color: #e8e8e8;\">Asesoramos en la negociaci\u00f3n, estructuraci\u00f3n y ejecuci\u00f3n de contratos mineros, de inversi\u00f3n y estabilidad tributaria; procesos de titulaci\u00f3n, oposici\u00f3n e inscripci\u00f3n de derechos mineros; todos los aspectos regulatorios minero-ambientales y de seguridad y salud ocupacional; participamos en la negociaci\u00f3n y adquisici\u00f3n de derechos superficiales, relaciones comunitarias, procedimientos de auditor\u00eda, supervisi\u00f3n y fiscalizaci\u00f3n administrativas, as\u00ed como asesoramiento preventivo en materia minera.<\/span><\/div>\n<p>[\/vc_column_text]<\/div><\/div><div class=\"clearboth\"><\/div><\/div><div class=\"gem-icon-with-text gem-icon-with-text-icon-size-medium\"><div style=\"margin-bottom:0px;margin-top:0px; \" class=\"gem-icon-with-text-icon\"><div class=\"gem-icon gem-icon-pack-elegant gem-icon-size-medium  gem-icon-shape-square gem-simple-icon\" style=\"opacity: 1;\"><div class=\"gem-icon-inner\" style=\"\"><span class=\"gem-icon-half-1\" style=\"color: #ffffff;\"><span class=\"back-angle\">&#xe033;<\/span><\/span><span class=\"gem-icon-half-2\" style=\"color: #ffffff;\"><span class=\"back-angle\">&#xe033;<\/span><\/span><\/div><\/div><\/div><div class=\"gem-icon-with-text-content\" ><div class=\"gem-icon-with-text-text\">[vc_column_text css=\u00bb.vc_custom_1589667140864{margin-left: 30px !important;}\u00bb]<\/p>\n<div class=\"title-h5\"><span style=\"color: #f6d13d;\">Propiedad Intelectual<\/span><\/div>\n<div class=\"quickfinder-item-text\" style=\"text-align: justify;\"><span style=\"color: #e8e8e8;\">Brindamos asesor\u00eda en la consultor\u00eda preventiva, planeamiento estrat\u00e9gico de protecci\u00f3n de la propiedad intelectual, ejecuci\u00f3n de auditor\u00edas, asesoramiento en litigios y todo tipo de procesos registrales, de control y vigilancia de patentes de invenci\u00f3n, dise\u00f1os industriales, modelos de utilidad, signos distintivos (marcas, lemas y nombres comerciales) y derechos de autor a nivel nacional e internacional. Asimismo, asesoramos en temas de regulaci\u00f3n sanitaria a empresas de la industria farmac\u00e9utica, cosm\u00e9tica alimentos y de bebidas. Asesor\u00eda y defensa en materia de protecci\u00f3n al consumidor, eliminaci\u00f3n de barreras burocr\u00e1ticas, etc.<\/span><\/div>\n<p>[\/vc_column_text]<\/div><\/div><div class=\"clearboth\"><\/div><\/div><div class=\"gem-icon-with-text gem-icon-with-text-icon-size-medium\"><div style=\"margin-bottom:0px;margin-top:0px; \" class=\"gem-icon-with-text-icon\"><div class=\"gem-icon gem-icon-pack-elegant gem-icon-size-medium  gem-icon-shape-square gem-simple-icon\" style=\"opacity: 1;\"><div class=\"gem-icon-inner\" style=\"\"><span class=\"gem-icon-half-1\" style=\"color: #efcb3b;\"><span class=\"back-angle\">&#xe033;<\/span><\/span><span class=\"gem-icon-half-2\" style=\"color: #efcb3b;\"><span class=\"back-angle\">&#xe033;<\/span><\/span><\/div><\/div><\/div><div class=\"gem-icon-with-text-content\" ><div class=\"gem-icon-with-text-text\">[vc_column_text css=\u00bb.vc_custom_1589667273672{margin-left: 30px !important;}\u00bb]<\/p>\n<div class=\"title-h5\"><span style=\"color: #f6d13d;\">Derecho Corporativo<\/span><\/div>\n<div class=\"quickfinder-item-text\" style=\"text-align: justify;\"><span style=\"color: #e8e8e8;\">Brindamos asesor\u00eda en pr\u00e1ctica corporativa en general, tal como consultor\u00eda en materia societaria (constituci\u00f3n de empresas, acuerdos de accionistas, buen gobierno corporativo, relaciones entre accionistas, responsabilidad de directores en las distintas clases de sociedades) y civil (revisi\u00f3n de contratos, protocolos familiares, derecho de propiedad), el an\u00e1lisis de la tributaci\u00f3n o la contrataci\u00f3n mercantil.<\/span><\/div>\n<p>[\/vc_column_text]<\/div><\/div><div class=\"clearboth\"><\/div><\/div><div class=\"gem-icon-with-text gem-icon-with-text-icon-size-medium\"><div style=\"margin-bottom:0px;margin-top:0px; \" class=\"gem-icon-with-text-icon\"><div class=\"gem-icon gem-icon-pack-elegant gem-icon-size-medium  gem-icon-shape-square gem-simple-icon\" style=\"opacity: 1;\"><div class=\"gem-icon-inner\" style=\"\"><span class=\"gem-icon-half-1\" style=\"color: #ffffff;\"><span class=\"back-angle\">&#xe033;<\/span><\/span><span class=\"gem-icon-half-2\" style=\"color: #ffffff;\"><span class=\"back-angle\">&#xe033;<\/span><\/span><\/div><\/div><\/div><div class=\"gem-icon-with-text-content\" ><div class=\"gem-icon-with-text-text\">[vc_column_text css=\u00bb.vc_custom_1589667326905{margin-left: 30px !important;}\u00bb]<\/p>\n<div class=\"title-h5\"><span style=\"color: #f6d13d;\">Asesor\u00eda Empresarial<\/span><\/div>\n<div class=\"quickfinder-item-text\" style=\"text-align: justify;\"><span style=\"color: #e8e8e8;\">Brindamos nuestros servicios a cualquier tipo de persona jur\u00eddica (sociedades, asociaciones, cooperativas, empresas EIRL, etc.) y\/o personas naturales con negocio, cuyo objeto es brindarle una asesor\u00eda legal preventiva para identificar las causas del negocio que originan las contingencias y una asesor\u00eda legal corporativa asumiendo la defensa de los conflictos legales que desee solucionar la empresa, en las distintas ramas del derecho tales como comercial, societario, registral, municipal, INDECOPI, administrativo, laboral, civiles, etc. asimismo, el servicio incluye la redacci\u00f3n de contratos civiles y\/o empresariales as\u00ed como de cartas notariales dirigidos a terceros, entre otros.<\/span><\/div>\n<p>[\/vc_column_text]<\/div><\/div><div class=\"clearboth\"><\/div><\/div><div class=\"gem-icon-with-text gem-icon-with-text-icon-size-medium\"><div style=\"margin-bottom:0px;margin-top:0px; \" class=\"gem-icon-with-text-icon\"><div class=\"gem-icon gem-icon-pack-elegant gem-icon-size-medium  gem-icon-shape-square gem-simple-icon\" style=\"opacity: 1;\"><div class=\"gem-icon-inner\" style=\"\"><span class=\"gem-icon-half-1\" style=\"color: #efcb3b;\"><span class=\"back-angle\">&#xe033;<\/span><\/span><span class=\"gem-icon-half-2\" style=\"color: #efcb3b;\"><span class=\"back-angle\">&#xe033;<\/span><\/span><\/div><\/div><\/div><div class=\"gem-icon-with-text-content\" ><div class=\"gem-icon-with-text-text\">[vc_column_text css=\u00bb.vc_custom_1589667344775{margin-left: 30px !important;}\u00bb]<\/p>\n<div class=\"title-h5\"><span style=\"color: #f6d13d;\">Fusiones y Adquisiciones<\/span><\/div>\n<div class=\"quickfinder-item-text\" style=\"text-align: justify;\"><span style=\"color: #e8e8e8;\">Brindamos asesor\u00eda en el rubro de fusiones y adquisiciones, dise\u00f1ando para ello la mejor estructura corporativo-fiscal y estrategia de negociaci\u00f3n. Contamos con especialistas en la preparaci\u00f3n de data rooms y disclosure schedules. Asimismo, tenemos un equipo especializado en la realizaci\u00f3n de due diligence con capacidad para llevar a cabo procesos simult\u00e1neos en plazos muy breves sin perder de vista los aspectos esenciales de la transacci\u00f3n y la capacidad de abarcar de forma integral aspectos contables, tributarios y laborales.<\/span><\/div>\n<p>[\/vc_column_text]<\/div><\/div><div class=\"clearboth\"><\/div><\/div><div class=\"gem-icon-with-text gem-icon-with-text-icon-size-medium\"><div style=\"margin-bottom:0px;margin-top:0px; \" class=\"gem-icon-with-text-icon\"><div class=\"gem-icon gem-icon-pack-elegant gem-icon-size-medium  gem-icon-shape-square gem-simple-icon\" style=\"opacity: 1;\"><div class=\"gem-icon-inner\" style=\"\"><span class=\"gem-icon-half-1\" style=\"color: #ffffff;\"><span class=\"back-angle\">&#xe033;<\/span><\/span><span class=\"gem-icon-half-2\" style=\"color: #ffffff;\"><span class=\"back-angle\">&#xe033;<\/span><\/span><\/div><\/div><\/div><div class=\"gem-icon-with-text-content\" ><div class=\"gem-icon-with-text-text\">[vc_column_text css=\u00bb.vc_custom_1589675368238{margin-left: 30px !important;}\u00bb]<\/p>\n<div class=\"title-h5\"><span style=\"color: #f6d13d;\">Saneamiento Predial y Acceso a Tierras<\/span><\/div>\n<div class=\"quickfinder-item-text\" style=\"text-align: justify;\"><span style=\"color: #e8e8e8;\">Asesoramos en la elaboraci\u00f3n y ejecuci\u00f3n de estrategias orientadas al saneamiento de terrenos r\u00fasticos, eriazos y urbanos para las actividades minera, petrolera, industrial, agr\u00edcola, etc., conducentes a la obtenci\u00f3n de autorizaciones para la instalaci\u00f3n o construcci\u00f3n de infraestructura. Planificamos y elaboramos expedientes para la adquisici\u00f3n o uso de los predios del Estado y para la adquisici\u00f3n de derechos superficiales con propietarios o posesionarios en grandes proyectos de infraestructura. Efectuamos la revisi\u00f3n, an\u00e1lisis y evaluaci\u00f3n de cumplimiento de los contratos o convenios suscritos por empresas extractivas con comunidades campesinas o instituciones p\u00fablicas.<\/span><\/div>\n<p>[\/vc_column_text]<\/div><\/div><div class=\"clearboth\"><\/div><\/div>[vc_column_text css=\u00bb.vc_custom_1589667415089{padding-top: 20px !important;padding-right: 20px !important;padding-bottom: 20px !important;padding-left: 20px !important;background-color: rgba(0,0,0,0.51) !important;*background-color: rgb(0,0,0) !important;}\u00bb]<\/p>\n<div class=\"title-h3\" style=\"text-align: center;\"><span style=\"color: #f6d13d;\">CONSULTOR\u00cdA Y ASESOR\u00cdA<\/span><\/div>\n<p style=\"text-align: justify;\"><span style=\"color: #f6d13d;\">Primero:<\/span> <span style=\"color: #e8e8e8;\">En virtud al planteamiento del caso a asesorar y la documentaci\u00f3n proporcionada por los clientes para ejercer una buena y efectiva asesor\u00eda de los casos, se aplica las estrategias plasmadas en nuestras herramientas de gesti\u00f3n, reforzando las metodolog\u00edas utilizadas con \u00e9xito por FMR, para un efectivo desempe\u00f1o profesional frente a nuestros clientes.<\/span><\/p>\n<p style=\"text-align: justify;\"><span style=\"color: #f6d13d;\">Segundo:<\/span><span style=\"color: #e8e8e8;\">\u00a0Evaluaci\u00f3n, an\u00e1lisis exhaustivo y pormenorizado, de los albures que puedan suscitarse dentro de cada uno de los casos concretos, lo que se traduce en la elaboraci\u00f3n de informes jur\u00eddicos que son el resultado de activas reuniones de trabajo y que constituye una adecuada herramienta para la toma de decisiones.<\/span><\/p>\n<p style=\"text-align: justify;\"><span style=\"color: #f6d13d;\">Tercero:<\/span><span style=\"color: #e8e8e8;\">\u00a0Consta de la conjunci\u00f3n de los dos niveles previos, que nos permite elaborar las opiniones jur\u00eddico &#8211; legales, proyectos de actos administrativos, proyectos de herramientas de gesti\u00f3n, estrategias legales para los casos concretos, entre otros; que son el resultado no s\u00f3lo del an\u00e1lisis normativo al caso concreto, sino la evaluaci\u00f3n de los antecedentes y documentaci\u00f3n proporcionada, lo que garantiza un efectivo asesoramiento.<\/span><\/p>\n<p>[\/vc_column_text][\/vc_column][\/vc_row]<\/p>","protected":false},"excerpt":{"rendered":"<p>[vc_row full_width=\u00bbstretch_row_content_no_spaces\u00bb disable_element=\u00bbyes\u00bb css=\u00bb.vc_custom_1580833222230{margin-bottom: -20px !important;}\u00bb][vc_column][\/vc_column][\/vc_row][vc_row full_width=\u00bbstretch_row\u00bb css=\u00bb.vc_custom_1589644740746{margin-bottom: 0px !important;padding-top: 50px !important;padding-bottom: 30px !important;background-image: url(https:\/\/fmrsierrayabarca.com\/wp-content\/uploads\/2016\/08\/4-4.jpg?id=25964) !important;background-position: center !important;background-repeat: no-repeat !important;background-size:&#8230;<\/p>","protected":false},"author":1,"featured_media":0,"parent":0,"menu_order":0,"comment_status":"closed","ping_status":"closed","template":"","meta":[],"_links":{"self":[{"href":"https:\/\/fmrsierrayabarca.com\/en\/wp-json\/wp\/v2\/pages\/32891"}],"collection":[{"href":"https:\/\/fmrsierrayabarca.com\/en\/wp-json\/wp\/v2\/pages"}],"about":[{"href":"https:\/\/fmrsierrayabarca.com\/en\/wp-json\/wp\/v2\/types\/page"}],"author":[{"embeddable":true,"href":"https:\/\/fmrsierrayabarca.com\/en\/wp-json\/wp\/v2\/users\/1"}],"replies":[{"embeddable":true,"href":"https:\/\/fmrsierrayabarca.com\/en\/wp-json\/wp\/v2\/comments?post=32891"}],"version-history":[{"count":30,"href":"https:\/\/fmrsierrayabarca.com\/en\/wp-json\/wp\/v2\/pages\/32891\/revisions"}],"predecessor-version":[{"id":33224,"href":"https:\/\/fmrsierrayabarca.com\/en\/wp-json\/wp\/v2\/pages\/32891\/revisions\/33224"}],"wp:attachment":[{"href":"https:\/\/fmrsierrayabarca.com\/en\/wp-json\/wp\/v2\/media?parent=32891"}],"curies":[{"name":"wp","href":"https:\/\/api.w.org\/{rel}","templated":true}]}}